{"id":1410,"date":"2023-11-07T11:18:37","date_gmt":"2023-11-07T08:18:37","guid":{"rendered":"https:\/\/medikurs.com.tr\/cc5-5-uluslararasi-crafta-kongresi-24\/"},"modified":"2023-11-07T11:18:37","modified_gmt":"2023-11-07T08:18:37","slug":"cc5-5-uluslararasi-crafta-kongresi-24","status":"publish","type":"page","link":"https:\/\/medikurs.com.tr\/en\/cc5-5-uluslararasi-crafta-kongresi-24\/","title":{"rendered":"CC5 5. Uluslararas\u0131 CRAFTA\u00ae Kongresi \u201824"},"content":{"rendered":"<div class=\"wpb-content-wrapper\"><p>[vc_row][vc_column][vc_single_image image=&#8221;864&#8243; img_size=&#8221;full&#8221;][vc_column_text css=&#8221;.vc_custom_1699345875318{margin-top: 40px !important;}&#8221;]<\/p>\n<h2 style=\"font-weight: 400;\"><strong>PROGRAM <\/strong><\/h2>\n<p>1 Mart 2023\u2019te g\u00fcncellendi[\/vc_column_text][vc_separator color=&#8221;turquoise&#8221; css=&#8221;.vc_custom_1699345539743{margin-top: 20px !important;margin-bottom: 20px !important;}&#8221;][vc_column_text css=&#8221;.vc_custom_1699346579194{margin-bottom: 20px !important;background-position: center !important;background-repeat: no-repeat !important;background-size: contain !important;}&#8221;]<\/p>\n<h4 style=\"color: #00bed6;\"><strong>1. G\u00fcn &#8211; 7 Haziran 2024, Hotel Mercure Amsinckstra\u00dfe Hamburg<\/strong><\/h4>\n<p>[\/vc_column_text][vc_column_text]<\/p>\n<p style=\"font-weight: 400;\"><strong>9.00-9.30 \u00a0Toplanma (kahve ve \u00e7ay)<\/strong><\/p>\n<p style=\"font-weight: 400;\"><strong>9.30 \u2013 10.00<\/strong><\/p>\n<p style=\"font-weight: 400;\"><strong>Organizasyona ho\u015f geldin<\/strong><br \/>\n<strong>Almanya\u2019da orofasiyal sa\u011fl\u0131\u011f\u0131n politik konular\u0131<\/strong><br \/>\nDr. Luzle Brayn-Durlak (ortodontist) DE<\/p>\n<p style=\"font-weight: 400;\"><strong>10.00-11.30<\/strong><\/p>\n<p style=\"font-weight: 400;\"><strong>Kraniyofasiyal a\u011fr\u0131 problemlerinin s\u0131n\u0131fland\u0131rmas\u0131: kompleks bir durum<\/strong><br \/>\nProf. Dr. Peter Svensson (DK)<\/p>\n<p style=\"font-weight: 400;\"><strong>11.00-11.30\u00a0\u00a0\u00a0\u00a0\u00a0 Mola<\/strong><\/p>\n<p style=\"font-weight: 400;\"><strong>11.30-12.15<\/strong><\/p>\n<p style=\"font-weight: 400;\"><strong>Temporomandibular bozukluklar\u0131n de\u011ferlendirilmesi ve tedavisinde di\u015f hekimli\u011finde son durum<\/strong><br \/>\nProf. Dr. J. C. T\u00fcrp (CH)<\/p>\n<p style=\"font-weight: 400;\"><strong>12.15-13.00<\/strong><\/p>\n<p style=\"font-weight: 400;\"><strong>Orofasiyal a\u011fr\u0131 ve disfonksiyonlar\u0131n de\u011ferlendirilmesi ve tedavisinde fizyoterapide son durum<\/strong><br \/>\nProf. Dr. C. Visscher (NL)<\/p>\n<p style=\"font-weight: 400;\"><strong>13.00-14.00\u00a0\u00a0\u00a0\u00a0\u00a0 \u00d6\u011fle aras\u0131<\/strong><\/p>\n<p style=\"font-weight: 400;\"><strong>14.00-14.45<\/strong><\/p>\n<p style=\"font-weight: 400;\"><strong>Kraniyoservikal arteriyel patolojiler ve kraniyal y\u00fcz a\u011fr\u0131s\u0131. Bununla klinikte nas\u0131l ba\u015fa \u00e7\u0131kabiliriz?<\/strong><br \/>\nDr. R. Kerry (UK)<\/p>\n<p style=\"font-weight: 400;\"><strong>14.45-15.30<\/strong><\/p>\n<p style=\"font-weight: 400;\"><strong>T\u00fcm kraniyofasiyal a\u011fr\u0131 beyinde. Rehabilitasyon i\u00e7in yeni stratejiler<\/strong><br \/>\nProf. Dr. S. Armijo Olivio (GER)<\/p>\n<p style=\"font-weight: 400;\"><strong>15.30-16.15<\/strong><\/p>\n<p style=\"font-weight: 400;\"><strong>Orofasiyal a\u011fr\u0131da aktif egzersizler \u2013 Kan\u0131ttan klinik prati\u011fe<\/strong><br \/>\nProf. Dr. R de la Touche (S)<\/p>\n<p style=\"font-weight: 400;\"><strong>16.15-16.45\u00a0\u00a0\u00a0\u00a0\u00a0 Kahve molas\u0131<\/strong><\/p>\n<p style=\"font-weight: 400;\"><strong>16.45-17.15<\/strong><\/p>\n<p style=\"font-weight: 400;\"><strong>Okl\u00fczyon Ortodontik TMD ve a\u011fr\u0131 &#8211; di\u015f hekimli\u011fi alan\u0131 m\u0131 yoksa multidisipliner i\u015fbirli\u011fi mi?<\/strong><br \/>\nProf. A. Michelotti (IT)<\/p>\n<p><span style=\"font-weight: 400;\"><strong>17.15-18.15<\/strong><\/span><\/p>\n<p><span style=\"font-weight: 400;\"><strong>Pediatric maxifasiyal kompleksi, solunum ve post\u00fcr. De\u011ferlendirme ve tedavi<\/strong><br \/>\nProf. Dr. Rocobado<\/span>[\/vc_column_text][vc_separator color=&#8221;turquoise&#8221; css=&#8221;.vc_custom_1699345539743{margin-top: 20px !important;margin-bottom: 20px !important;}&#8221;][vc_column_text css=&#8221;.vc_custom_1699346587933{margin-bottom: 20px !important;background-position: center !important;background-repeat: no-repeat !important;background-size: contain !important;}&#8221;]<\/p>\n<h4 style=\"color: #00bed6;\"><strong>2. G\u00fcn &#8211; 8 Haziran 2024, F\u0130HH Hammerbrookstra\u00dfe 69<\/strong><\/h4>\n<p>[\/vc_column_text][vc_column_text]<\/p>\n<p style=\"font-weight: 400;\"><strong>9.00-10.30<\/strong><\/p>\n<p style=\"font-weight: 400;\"><strong>Vask\u00fcler servikal disfonksiyonlar\u0131n ve hastal\u0131klar\u0131n de\u011ferlendirmesi\/taramas\u0131<\/strong><br \/>\nDr. R. Kerry (UK)<\/p>\n<p style=\"font-weight: 400;\"><strong>Kraniyofasiyal a\u011fr\u0131da a\u011fr\u0131 s\u0131n\u0131fland\u0131rmas\u0131 ve klinikte uygulanmas\u0131<\/strong><br \/>\nProf. Dr. P. Svensson (DK)<\/p>\n<p style=\"font-weight: 400;\"><strong>TMD de\u011ferlendirmesinde g\u00fcncelleme<\/strong><br \/>\nProf. Dr. Susan Armijo Olivio (CL) \u2013 Prof. Dr. Harry bon Piekartz (NL)<\/p>\n<p style=\"font-weight: 400;\"><strong>Kraniyofasiyal a\u011fr\u0131da aktif rehabilitasyon i\u00e7in ipu\u00e7lar\u0131<\/strong><br \/>\nProf. Dr. Roy La Touche (S)<\/p>\n<p style=\"font-weight: 400;\"><strong>10.30-11.00<\/strong><\/p>\n<p style=\"font-weight: 400;\"><strong>Vask\u00fcler servikal disfonksiyonlar\u0131n ve hastal\u0131klar\u0131n de\u011ferlendirmesi\/taramas\u0131<\/strong><br \/>\nDr. R. Kerry (UK)<\/p>\n<p style=\"font-weight: 400;\"><strong>Kraniyofasiyal a\u011fr\u0131da a\u011fr\u0131 s\u0131n\u0131fland\u0131rmas\u0131 ve klinikte uygulanmas\u0131<\/strong><br \/>\nProf. Dr. P. Svensson (DK)<\/p>\n<p style=\"font-weight: 400;\"><strong>TMD de\u011ferlendirmesinde g\u00fcncelleme<\/strong><br \/>\nProf. Dr. Susan Armijo Olivio (CL) \u2013 Prof. Dr. Harry bon Piekartz (NL)<\/p>\n<p style=\"font-weight: 400;\"><strong>Kraniyofasiyal a\u011fr\u0131da aktif rehabilitasyon i\u00e7in ipu\u00e7lar\u0131<\/strong><br \/>\nProf. Dr. Roy La Touche (S)<\/p>\n<p style=\"font-weight: 400;\"><strong>12.30-15.00\u00a0\u00a0\u00a0\u00a0\u00a0 \u00d6\u011fle aras\u0131<\/strong><\/p>\n<p style=\"font-weight: 400;\">13.30-15.00<\/p>\n<p style=\"font-weight: 400;\"><strong>Ac\u0131 i\u00e7indeki y\u00fcz ifadesi. Nas\u0131l de\u011ferlendirebiliriz ve tedavi edebiliriz?<\/strong><br \/>\nB. Tazer (AT)<\/p>\n<p style=\"font-weight: 400;\"><strong>Tinnitus. Uzman fizyoterapistler taraf\u0131ndan y\u00f6netimi<\/strong><br \/>\nM Trouw (NL)<\/p>\n<p style=\"font-weight: 400;\"><strong>Pelvik taban ve TMD birbiriyle ba\u011flant\u0131l\u0131 m\u0131? Kurgu mu ger\u00e7ek mi?<\/strong><br \/>\nDr. J. Nelson (US)<\/p>\n<p style=\"font-weight: 400;\"><strong>Kronik hiperventilasyon, denge ve kraniyofasiyal disfonksiyon ve a\u011fr\u0131. Komorbidite, De\u011ferlendirme ve Tedavi<\/strong><br \/>\nD. von Piekartz (NL)<\/p>\n<p style=\"font-weight: 400;\"><strong>15.00-15.15\u00a0\u00a0\u00a0\u00a0\u00a0 Kahve molas\u0131<\/strong><\/p>\n<p style=\"font-weight: 400;\"><strong>15.15-15.45<\/strong><\/p>\n<p style=\"font-weight: 400;\"><strong>Kompleks orofasiyal a\u011fr\u0131 ve TMD hastalar\u0131nda muskuloskeletal terapi. Ge\u00e7mi\u015f ve gelecek<\/strong><br \/>\nProf. Dr. Roccobado<\/p>\n<p style=\"font-weight: 400;\"><strong>15.45-16.00\u00a0\u00a0\u00a0\u00a0\u00a0 Toplanma ve kapan\u0131\u015f<\/strong><br \/>\nProf. Dr. H. von Piekartz<\/p>\n<p>[\/vc_column_text][vc_separator color=&#8221;turquoise&#8221; css=&#8221;.vc_custom_1699345539743{margin-top: 20px !important;margin-bottom: 20px !important;}&#8221;][vc_btn title=&#8221;CC5 KONGRE KAYIT SAYFASI&#8221; color=&#8221;turquoise&#8221; size=&#8221;lg&#8221; align=&#8221;center&#8221; i_icon_fontawesome=&#8221;fas fa-external-link-alt&#8221; button_block=&#8221;true&#8221; add_icon=&#8221;true&#8221; link=&#8221;url:https%3A%2F%2Fcrafta.org%2Fnews%2F5th-crafta-congress-2024.html|title:CC5%20KONGRE%20KAYIT%20SAYFASI|target:_blank&#8221; css=&#8221;.vc_custom_1699345686965{margin-top: 40px !important;margin-bottom: 40px !important;}&#8221;][\/vc_column][\/vc_row]<\/p>\n<\/div>","protected":false},"excerpt":{"rendered":"<p>[vc_row][vc_column][vc_single_image image=&#8221;864&#8243; img_size=&#8221;full&#8221;][vc_column_text css=&#8221;.vc_custom_1699345875318{margin-top: 40px !important;}&#8221;] PROGRAM 1 Mart 2023\u2019te g\u00fcncellendi[\/vc_column_text][vc_separator color=&#8221;turquoise&#8221; css=&#8221;.vc_custom_1699345539743{margin-top: 20px !important;margin-bottom: 20px !important;}&#8221;][vc_column_text css=&#8221;.vc_custom_1699346579194{margin-bottom: 20px !important;background-position: center !important;background-repeat: no-repeat !important;background-size: contain !important;}&#8221;] 1. G\u00fcn &#8211; 7 Haziran 2024, Hotel Mercure Amsinckstra\u00dfe Hamburg [\/vc_column_text][vc_column_text] 9.00-9.30 \u00a0Toplanma (kahve ve \u00e7ay) 9.30 \u2013 10.00 Organizasyona ho\u015f geldin Almanya\u2019da orofasiyal sa\u011fl\u0131\u011f\u0131n politik konular\u0131 Dr. Luzle Brayn-Durlak (ortodontist) DE 10.00-11.30 Kraniyofasiyal a\u011fr\u0131 problemlerinin s\u0131n\u0131fland\u0131rmas\u0131: kompleks bir durum Prof. Dr. Peter Svensson (DK) 11.00-11.30\u00a0\u00a0\u00a0\u00a0\u00a0 Mola 11.30-12.15 Temporomandibular bozukluklar\u0131n de\u011ferlendirilmesi ve tedavisinde di\u015f hekimli\u011finde son durum Prof. Dr. J. C. T\u00fcrp (CH) 12.15-13.00 Orofasiyal a\u011fr\u0131 ve disfonksiyonlar\u0131n de\u011ferlendirilmesi ve tedavisinde fizyoterapide son durum [&hellip;]<\/p>\n","protected":false},"author":3,"featured_media":0,"parent":0,"menu_order":0,"comment_status":"closed","ping_status":"closed","template":"","meta":{"footnotes":""},"class_list":["post-1410","page","type-page","status-publish","hentry"],"yoast_head":"<!-- This site is optimized with the Yoast SEO plugin v27.5 - https:\/\/yoast.com\/product\/yoast-seo-wordpress\/ -->\n<title>CC5 5. Uluslararas\u0131 CRAFTA\u00ae Kongresi \u201824 - Medikurs<\/title>\n<meta name=\"robots\" content=\"index, follow, max-snippet:-1, max-image-preview:large, max-video-preview:-1\" \/>\n<link rel=\"canonical\" href=\"https:\/\/medikurs.com.tr\/en\/cc5-5-uluslararasi-crafta-kongresi-24\/\" \/>\n<meta property=\"og:locale\" content=\"en_US\" \/>\n<meta property=\"og:type\" content=\"article\" \/>\n<meta property=\"og:title\" content=\"CC5 5. Uluslararas\u0131 CRAFTA\u00ae Kongresi \u201824 - Medikurs\" \/>\n<meta property=\"og:description\" content=\"[vc_row][vc_column][vc_single_image image=&#8221;864&#8243; img_size=&#8221;full&#8221;][vc_column_text css=&#8221;.vc_custom_1699345875318{margin-top: 40px !important;}&#8221;] PROGRAM 1 Mart 2023\u2019te g\u00fcncellendi[\/vc_column_text][vc_separator color=&#8221;turquoise&#8221; css=&#8221;.vc_custom_1699345539743{margin-top: 20px !important;margin-bottom: 20px !important;}&#8221;][vc_column_text css=&#8221;.vc_custom_1699346579194{margin-bottom: 20px !important;background-position: center !important;background-repeat: no-repeat !important;background-size: contain !important;}&#8221;] 1. G\u00fcn &#8211; 7 Haziran 2024, Hotel Mercure Amsinckstra\u00dfe Hamburg [\/vc_column_text][vc_column_text] 9.00-9.30 \u00a0Toplanma (kahve ve \u00e7ay) 9.30 \u2013 10.00 Organizasyona ho\u015f geldin Almanya\u2019da orofasiyal sa\u011fl\u0131\u011f\u0131n politik konular\u0131 Dr. Luzle Brayn-Durlak (ortodontist) DE 10.00-11.30 Kraniyofasiyal a\u011fr\u0131 problemlerinin s\u0131n\u0131fland\u0131rmas\u0131: kompleks bir durum Prof. Dr. Peter Svensson (DK) 11.00-11.30\u00a0\u00a0\u00a0\u00a0\u00a0 Mola 11.30-12.15 Temporomandibular bozukluklar\u0131n de\u011ferlendirilmesi ve tedavisinde di\u015f hekimli\u011finde son durum Prof. Dr. J. C. T\u00fcrp (CH) 12.15-13.00 Orofasiyal a\u011fr\u0131 ve disfonksiyonlar\u0131n de\u011ferlendirilmesi ve tedavisinde fizyoterapide son durum [&hellip;]\" \/>\n<meta property=\"og:url\" content=\"https:\/\/medikurs.com.tr\/en\/cc5-5-uluslararasi-crafta-kongresi-24\/\" \/>\n<meta property=\"og:site_name\" content=\"Medikurs\" \/>\n<meta name=\"twitter:card\" content=\"summary_large_image\" \/>\n<meta name=\"twitter:label1\" content=\"Est. reading time\" \/>\n\t<meta name=\"twitter:data1\" content=\"3 minutes\" \/>\n<script type=\"application\/ld+json\" class=\"yoast-schema-graph\">{\"@context\":\"https:\\\/\\\/schema.org\",\"@graph\":[{\"@type\":\"WebPage\",\"@id\":\"https:\\\/\\\/medikurs.com.tr\\\/en\\\/cc5-5-uluslararasi-crafta-kongresi-24\\\/\",\"url\":\"https:\\\/\\\/medikurs.com.tr\\\/en\\\/cc5-5-uluslararasi-crafta-kongresi-24\\\/\",\"name\":\"CC5 5. Uluslararas\u0131 CRAFTA\u00ae Kongresi \u201824 - Medikurs\",\"isPartOf\":{\"@id\":\"https:\\\/\\\/medikurs.com.tr\\\/#website\"},\"datePublished\":\"2023-11-07T08:18:37+00:00\",\"breadcrumb\":{\"@id\":\"https:\\\/\\\/medikurs.com.tr\\\/en\\\/cc5-5-uluslararasi-crafta-kongresi-24\\\/#breadcrumb\"},\"inLanguage\":\"en-US\",\"potentialAction\":[{\"@type\":\"ReadAction\",\"target\":[\"https:\\\/\\\/medikurs.com.tr\\\/en\\\/cc5-5-uluslararasi-crafta-kongresi-24\\\/\"]}]},{\"@type\":\"BreadcrumbList\",\"@id\":\"https:\\\/\\\/medikurs.com.tr\\\/en\\\/cc5-5-uluslararasi-crafta-kongresi-24\\\/#breadcrumb\",\"itemListElement\":[{\"@type\":\"ListItem\",\"position\":1,\"name\":\"Anasayfa\",\"item\":\"https:\\\/\\\/medikurs.com.tr\\\/en\\\/\"},{\"@type\":\"ListItem\",\"position\":2,\"name\":\"CC5 5. Uluslararas\u0131 CRAFTA\u00ae Kongresi \u201824\"}]},{\"@type\":\"WebSite\",\"@id\":\"https:\\\/\\\/medikurs.com.tr\\\/#website\",\"url\":\"https:\\\/\\\/medikurs.com.tr\\\/\",\"name\":\"Medikurs | Fizyoterapi, Osteopati E\u011fitimleri\",\"description\":\"\",\"publisher\":{\"@id\":\"https:\\\/\\\/medikurs.com.tr\\\/#organization\"},\"potentialAction\":[{\"@type\":\"SearchAction\",\"target\":{\"@type\":\"EntryPoint\",\"urlTemplate\":\"https:\\\/\\\/medikurs.com.tr\\\/?s={search_term_string}\"},\"query-input\":{\"@type\":\"PropertyValueSpecification\",\"valueRequired\":true,\"valueName\":\"search_term_string\"}}],\"inLanguage\":\"en-US\"},{\"@type\":\"Organization\",\"@id\":\"https:\\\/\\\/medikurs.com.tr\\\/#organization\",\"name\":\"Medikurs E\u011fitim\",\"url\":\"https:\\\/\\\/medikurs.com.tr\\\/\",\"logo\":{\"@type\":\"ImageObject\",\"inLanguage\":\"en-US\",\"@id\":\"https:\\\/\\\/medikurs.com.tr\\\/#\\\/schema\\\/logo\\\/image\\\/\",\"url\":\"https:\\\/\\\/medikurs.com.tr\\\/wp-content\\\/uploads\\\/2023\\\/11\\\/medikurs-logo.png\",\"contentUrl\":\"https:\\\/\\\/medikurs.com.tr\\\/wp-content\\\/uploads\\\/2023\\\/11\\\/medikurs-logo.png\",\"width\":1200,\"height\":301,\"caption\":\"Medikurs E\u011fitim\"},\"image\":{\"@id\":\"https:\\\/\\\/medikurs.com.tr\\\/#\\\/schema\\\/logo\\\/image\\\/\"},\"sameAs\":[\"https:\\\/\\\/www.youtube.com\\\/@medikursfizyoterapiosteopa1417\",\"https:\\\/\\\/www.instagram.com\\\/medikurs\"]}]}<\/script>\n<!-- \/ Yoast SEO plugin. -->","yoast_head_json":{"title":"CC5 5. Uluslararas\u0131 CRAFTA\u00ae Kongresi \u201824 - Medikurs","robots":{"index":"index","follow":"follow","max-snippet":"max-snippet:-1","max-image-preview":"max-image-preview:large","max-video-preview":"max-video-preview:-1"},"canonical":"https:\/\/medikurs.com.tr\/en\/cc5-5-uluslararasi-crafta-kongresi-24\/","og_locale":"en_US","og_type":"article","og_title":"CC5 5. Uluslararas\u0131 CRAFTA\u00ae Kongresi \u201824 - Medikurs","og_description":"[vc_row][vc_column][vc_single_image image=&#8221;864&#8243; img_size=&#8221;full&#8221;][vc_column_text css=&#8221;.vc_custom_1699345875318{margin-top: 40px !important;}&#8221;] PROGRAM 1 Mart 2023\u2019te g\u00fcncellendi[\/vc_column_text][vc_separator color=&#8221;turquoise&#8221; css=&#8221;.vc_custom_1699345539743{margin-top: 20px !important;margin-bottom: 20px !important;}&#8221;][vc_column_text css=&#8221;.vc_custom_1699346579194{margin-bottom: 20px !important;background-position: center !important;background-repeat: no-repeat !important;background-size: contain !important;}&#8221;] 1. G\u00fcn &#8211; 7 Haziran 2024, Hotel Mercure Amsinckstra\u00dfe Hamburg [\/vc_column_text][vc_column_text] 9.00-9.30 \u00a0Toplanma (kahve ve \u00e7ay) 9.30 \u2013 10.00 Organizasyona ho\u015f geldin Almanya\u2019da orofasiyal sa\u011fl\u0131\u011f\u0131n politik konular\u0131 Dr. Luzle Brayn-Durlak (ortodontist) DE 10.00-11.30 Kraniyofasiyal a\u011fr\u0131 problemlerinin s\u0131n\u0131fland\u0131rmas\u0131: kompleks bir durum Prof. Dr. Peter Svensson (DK) 11.00-11.30\u00a0\u00a0\u00a0\u00a0\u00a0 Mola 11.30-12.15 Temporomandibular bozukluklar\u0131n de\u011ferlendirilmesi ve tedavisinde di\u015f hekimli\u011finde son durum Prof. Dr. J. C. T\u00fcrp (CH) 12.15-13.00 Orofasiyal a\u011fr\u0131 ve disfonksiyonlar\u0131n de\u011ferlendirilmesi ve tedavisinde fizyoterapide son durum [&hellip;]","og_url":"https:\/\/medikurs.com.tr\/en\/cc5-5-uluslararasi-crafta-kongresi-24\/","og_site_name":"Medikurs","twitter_card":"summary_large_image","twitter_misc":{"Est. reading time":"3 minutes"},"schema":{"@context":"https:\/\/schema.org","@graph":[{"@type":"WebPage","@id":"https:\/\/medikurs.com.tr\/en\/cc5-5-uluslararasi-crafta-kongresi-24\/","url":"https:\/\/medikurs.com.tr\/en\/cc5-5-uluslararasi-crafta-kongresi-24\/","name":"CC5 5. Uluslararas\u0131 CRAFTA\u00ae Kongresi \u201824 - Medikurs","isPartOf":{"@id":"https:\/\/medikurs.com.tr\/#website"},"datePublished":"2023-11-07T08:18:37+00:00","breadcrumb":{"@id":"https:\/\/medikurs.com.tr\/en\/cc5-5-uluslararasi-crafta-kongresi-24\/#breadcrumb"},"inLanguage":"en-US","potentialAction":[{"@type":"ReadAction","target":["https:\/\/medikurs.com.tr\/en\/cc5-5-uluslararasi-crafta-kongresi-24\/"]}]},{"@type":"BreadcrumbList","@id":"https:\/\/medikurs.com.tr\/en\/cc5-5-uluslararasi-crafta-kongresi-24\/#breadcrumb","itemListElement":[{"@type":"ListItem","position":1,"name":"Anasayfa","item":"https:\/\/medikurs.com.tr\/en\/"},{"@type":"ListItem","position":2,"name":"CC5 5. Uluslararas\u0131 CRAFTA\u00ae Kongresi \u201824"}]},{"@type":"WebSite","@id":"https:\/\/medikurs.com.tr\/#website","url":"https:\/\/medikurs.com.tr\/","name":"Medikurs | Fizyoterapi, Osteopati E\u011fitimleri","description":"","publisher":{"@id":"https:\/\/medikurs.com.tr\/#organization"},"potentialAction":[{"@type":"SearchAction","target":{"@type":"EntryPoint","urlTemplate":"https:\/\/medikurs.com.tr\/?s={search_term_string}"},"query-input":{"@type":"PropertyValueSpecification","valueRequired":true,"valueName":"search_term_string"}}],"inLanguage":"en-US"},{"@type":"Organization","@id":"https:\/\/medikurs.com.tr\/#organization","name":"Medikurs E\u011fitim","url":"https:\/\/medikurs.com.tr\/","logo":{"@type":"ImageObject","inLanguage":"en-US","@id":"https:\/\/medikurs.com.tr\/#\/schema\/logo\/image\/","url":"https:\/\/medikurs.com.tr\/wp-content\/uploads\/2023\/11\/medikurs-logo.png","contentUrl":"https:\/\/medikurs.com.tr\/wp-content\/uploads\/2023\/11\/medikurs-logo.png","width":1200,"height":301,"caption":"Medikurs E\u011fitim"},"image":{"@id":"https:\/\/medikurs.com.tr\/#\/schema\/logo\/image\/"},"sameAs":["https:\/\/www.youtube.com\/@medikursfizyoterapiosteopa1417","https:\/\/www.instagram.com\/medikurs"]}]}},"_links":{"self":[{"href":"https:\/\/medikurs.com.tr\/en\/wp-json\/wp\/v2\/pages\/1410","targetHints":{"allow":["GET"]}}],"collection":[{"href":"https:\/\/medikurs.com.tr\/en\/wp-json\/wp\/v2\/pages"}],"about":[{"href":"https:\/\/medikurs.com.tr\/en\/wp-json\/wp\/v2\/types\/page"}],"author":[{"embeddable":true,"href":"https:\/\/medikurs.com.tr\/en\/wp-json\/wp\/v2\/users\/3"}],"replies":[{"embeddable":true,"href":"https:\/\/medikurs.com.tr\/en\/wp-json\/wp\/v2\/comments?post=1410"}],"version-history":[{"count":0,"href":"https:\/\/medikurs.com.tr\/en\/wp-json\/wp\/v2\/pages\/1410\/revisions"}],"wp:attachment":[{"href":"https:\/\/medikurs.com.tr\/en\/wp-json\/wp\/v2\/media?parent=1410"}],"curies":[{"name":"wp","href":"https:\/\/api.w.org\/{rel}","templated":true}]}}